{"id":2488,"date":"2022-04-18T07:39:59","date_gmt":"2022-04-18T07:39:59","guid":{"rendered":"https:\/\/swiss-pvd-coating.ch\/home-2\/"},"modified":"2026-01-23T13:18:46","modified_gmt":"2026-01-23T12:18:46","slug":"home-2","status":"publish","type":"page","link":"https:\/\/swiss-pvd-coating.ch\/fr\/","title":{"rendered":"Home"},"content":{"rendered":"<p>[et_pb_section fb_built=\u00a0\u00bb1&Prime; admin_label=\u00a0\u00bbHome Header\u00a0\u00bb module_class=\u00a0\u00bbhome-header\u00a0\u00bb _builder_version=\u00a0\u00bb4.16&Prime; _module_preset=\u00a0\u00bbfdba456b-3aab-4823-ac95-30ff89c7be22&Prime; background_image=\u00a0\u00bbhttps:\/\/swiss-pvd-coating.ch\/wp-content\/uploads\/2022\/03\/swiss_PVD_Coating_Header_Bild_Home.jpg\u00a0\u00bb min_height=\u00a0\u00bb100vh\u00a0\u00bb min_height_tablet=\u00a0\u00bb\u00a0\u00bb min_height_phone=\u00a0\u00bb\u00a0\u00bb min_height_last_edited=\u00a0\u00bbon|phone\u00a0\u00bb custom_margin_tablet=\u00a0\u00bb\u00a0\u00bb custom_margin_phone=\u00a0\u00bb-106px||||false|false\u00a0\u00bb custom_margin_last_edited=\u00a0\u00bbon|phone\u00a0\u00bb custom_padding=\u00a0\u00bb0px||0px||false|false\u00a0\u00bb global_colors_info=\u00a0\u00bb{}\u00a0\u00bb][et_pb_row custom_padding_last_edited=\u00a0\u00bbon|desktop\u00a0\u00bb _builder_version=\u00a0\u00bb4.16&Prime; _module_preset=\u00a0\u00bbbfccc00c-ac70-482f-9713-4846d3a5dda8&Prime; min_height=\u00a0\u00bb100vh\u00a0\u00bb min_height_tablet=\u00a0\u00bb35vw\u00a0\u00bb min_height_phone=\u00a0\u00bb35vw\u00a0\u00bb min_height_last_edited=\u00a0\u00bboff|desktop\u00a0\u00bb custom_padding=\u00a0\u00bb0px||100px||false|false\u00a0\u00bb custom_padding_tablet=\u00a0\u00bb0px||40px||false|false\u00a0\u00bb custom_padding_phone=\u00a0\u00bb0px||35px||false|false\u00a0\u00bb custom_css_main_element=\u00a0\u00bbdisplay: flex;||flex-direction: column;||justify-content:flex-end;\u00a0\u00bb global_colors_info=\u00a0\u00bb{}\u00a0\u00bb][et_pb_column type=\u00a0\u00bb4_4&Prime; _builder_version=\u00a0\u00bb4.16&Prime; _module_preset=\u00a0\u00bbdefault\u00a0\u00bb global_colors_info=\u00a0\u00bb{}\u00a0\u00bb][et_pb_text _builder_version=\u00a0\u00bb4.22.2&Prime; _module_preset=\u00a0\u00bbdefault\u00a0\u00bb header_text_color=\u00a0\u00bb#FFFFFF\u00a0\u00bb custom_margin=\u00a0\u00bb||-7px||false|false\u00a0\u00bb custom_margin_tablet=\u00a0\u00bb||-9px||false|false\u00a0\u00bb custom_margin_phone=\u00a0\u00bb||-10px||false|false\u00a0\u00bb custom_margin_last_edited=\u00a0\u00bbon|desktop\u00a0\u00bb global_colors_info=\u00a0\u00bb{}\u00a0\u00bb]<\/p>\n<h1>PVD Coating<\/h1>\n<p>[\/et_pb_text][et_pb_text module_class=\u00a0\u00bblight\u00a0\u00bb _builder_version=\u00a0\u00bb4.22.2&Prime; _module_preset=\u00a0\u00bbdefault\u00a0\u00bb header_font=\u00a0\u00bbBiennale Light||||||||\u00a0\u00bb header_text_color=\u00a0\u00bb#FFFFFF\u00a0\u00bb custom_margin=\u00a0\u00bb||18px||false|false\u00a0\u00bb custom_margin_tablet=\u00a0\u00bb||10px||false|false\u00a0\u00bb custom_margin_phone=\u00a0\u00bb||10px||false|false\u00a0\u00bb custom_margin_last_edited=\u00a0\u00bbon|desktop\u00a0\u00bb global_colors_info=\u00a0\u00bb{}\u00a0\u00bb]<\/p>\n<h1>swiss-PVD Coating AG<\/h1>\n<p>[\/et_pb_text][et_pb_image src=\u00a0\u00bbhttps:\/\/swiss-pvd-coating.ch\/wp-content\/uploads\/2022\/01\/Header_Pfeil.svg\u00a0\u00bb url=\u00a0\u00bb#starttext\u00a0\u00bb _builder_version=\u00a0\u00bb4.22.2&Prime; _module_preset=\u00a0\u00bbdefault\u00a0\u00bb width=\u00a0\u00bb70px\u00a0\u00bb width_tablet=\u00a0\u00bb55px\u00a0\u00bb width_phone=\u00a0\u00bb45px\u00a0\u00bb width_last_edited=\u00a0\u00bbon|desktop\u00a0\u00bb global_colors_info=\u00a0\u00bb{}\u00a0\u00bb][\/et_pb_image][\/et_pb_column][\/et_pb_row][\/et_pb_section][et_pb_section fb_built=\u00a0\u00bb1&Prime; admin_label=\u00a0\u00bbSektion\u00a0\u00bb module_id=\u00a0\u00bbstarttext\u00a0\u00bb _builder_version=\u00a0\u00bb4.16&Prime; _module_preset=\u00a0\u00bbfdba456b-3aab-4823-ac95-30ff89c7be22&Prime; custom_padding=\u00a0\u00bb80px|||||\u00a0\u00bb global_colors_info=\u00a0\u00bb{}\u00a0\u00bb][et_pb_row _builder_version=\u00a0\u00bb4.16&Prime; _module_preset=\u00a0\u00bbbfccc00c-ac70-482f-9713-4846d3a5dda8&Prime; global_colors_info=\u00a0\u00bb{}\u00a0\u00bb][et_pb_column type=\u00a0\u00bb4_4&Prime; _builder_version=\u00a0\u00bb4.16&Prime; _module_preset=\u00a0\u00bbdefault\u00a0\u00bb global_colors_info=\u00a0\u00bb{}\u00a0\u00bb][et_pb_text _builder_version=\u00a0\u00bb4.22.2&Prime; _module_preset=\u00a0\u00bb9171a5ab-4b16-49db-a0f8-6428bbd4c5d3&Prime; custom_margin=\u00a0\u00bb||-5px||false|false\u00a0\u00bb custom_margin_tablet=\u00a0\u00bb||-8px||false|false\u00a0\u00bb custom_margin_phone=\u00a0\u00bb||-8px||false|false\u00a0\u00bb custom_margin_last_edited=\u00a0\u00bbon|desktop\u00a0\u00bb inline_fonts=\u00a0\u00bbBiennale Regular,Biennale Light\u00a0\u00bb global_colors_info=\u00a0\u00bb{}\u00a0\u00bb]<\/p>\n<h2>Solution PVD High-tech<\/h2>\n<p>[\/et_pb_text][\/et_pb_column][\/et_pb_row][et_pb_row column_structure=\u00a0\u00bb1_2,1_2&Prime; use_custom_gutter=\u00a0\u00bbon\u00a0\u00bb _builder_version=\u00a0\u00bb4.16&Prime; _module_preset=\u00a0\u00bbbfccc00c-ac70-482f-9713-4846d3a5dda8&Prime; global_colors_info=\u00a0\u00bb{}\u00a0\u00bb][et_pb_column type=\u00a0\u00bb1_2&Prime; _builder_version=\u00a0\u00bb4.16&Prime; _module_preset=\u00a0\u00bbdefault\u00a0\u00bb global_colors_info=\u00a0\u00bb{}\u00a0\u00bb][et_pb_text _builder_version=\u00a0\u00bb4.22.2&Prime; _module_preset=\u00a0\u00bb9171a5ab-4b16-49db-a0f8-6428bbd4c5d3&Prime; global_colors_info=\u00a0\u00bb{}\u00a0\u00bb]<\/p>\n<p>Swiss-PVD Coating AG est une entreprise familiale bas\u00e9e en Suisse avec +30 ans d\u2019exp\u00e9rience dans le domaine du PVD. Nous nous sommes sp\u00e9cialis\u00e9s dans la protection contre l\u2019usure des outils fonctionnels, d\u00e9coratifs et le secteur m\u00e9dical.<\/p>\n<p>[\/et_pb_text][\/et_pb_column][et_pb_column type=\u00a0\u00bb1_2&Prime; _builder_version=\u00a0\u00bb4.16&Prime; _module_preset=\u00a0\u00bbdefault\u00a0\u00bb global_colors_info=\u00a0\u00bb{}\u00a0\u00bb][et_pb_text _builder_version=\u00a0\u00bb4.16&Prime; _module_preset=\u00a0\u00bb9171a5ab-4b16-49db-a0f8-6428bbd4c5d3&Prime; global_colors_info=\u00a0\u00bb{}\u00a0\u00bb]<\/p>\n<p>Avec notre technologie, nous am\u00e9liorons la durabilit\u00e9 ainsi que la fiabilit\u00e9 des outils et composants dans de nombreuses industries. Gr\u00e2ce \u00e0 notre syst\u00e8me qualit\u00e9 certifi\u00e9 ISO 9001 :2015 et ISO 13485 :2016, nos recouvrements r\u00e9pondent aux normes les plus exigeantes dans le domaine des recouvrements couche mince.<\/p>\n<p>[\/et_pb_text][\/et_pb_column][\/et_pb_row][\/et_pb_section][et_pb_section fb_built=\u00a0\u00bb1&Prime; _builder_version=\u00a0\u00bb4.16&Prime; _module_preset=\u00a0\u00bbfdba456b-3aab-4823-ac95-30ff89c7be22&Prime; global_colors_info=\u00a0\u00bb{}\u00a0\u00bb][et_pb_row column_structure=\u00a0\u00bb1_2,1_2&Prime; use_custom_gutter=\u00a0\u00bbon\u00a0\u00bb gutter_width=\u00a0\u00bb1&Prime; module_class=\u00a0\u00bbcustom-text\u00a0\u00bb _builder_version=\u00a0\u00bb4.16&Prime; _module_preset=\u00a0\u00bbbfccc00c-ac70-482f-9713-4846d3a5dda8&Prime; global_colors_info=\u00a0\u00bb{}\u00a0\u00bb][et_pb_column type=\u00a0\u00bb1_2&Prime; module_class=\u00a0\u00bbteaser\u00a0\u00bb _builder_version=\u00a0\u00bb4.16&Prime; _module_preset=\u00a0\u00bbdefault\u00a0\u00bb link_option_url=\u00a0\u00bbhttps:\/\/swiss-pvd-coating.ch\/fr\/revetements\/\u00a0\u00bb global_colors_info=\u00a0\u00bb{}\u00a0\u00bb][et_pb_image src=\u00a0\u00bbhttps:\/\/swiss-pvd-coating.ch\/wp-content\/uploads\/2022\/05\/swiss_PVD_Coating_Teaser_Home_1.jpg\u00a0\u00bb module_class=\u00a0\u00bbet-zoom-in\u00a0\u00bb _builder_version=\u00a0\u00bb4.17.3&Prime; _module_preset=\u00a0\u00bbdefault\u00a0\u00bb global_colors_info=\u00a0\u00bb{}\u00a0\u00bb][\/et_pb_image][et_pb_text admin_label=\u00a0\u00bbTeaser-Text mit Rand B\u00a0\u00bb _builder_version=\u00a0\u00bb4.16&Prime; _module_preset=\u00a0\u00bbdefault\u00a0\u00bb text_font=\u00a0\u00bbBiennale Medium||||||||\u00a0\u00bb text_text_color=\u00a0\u00bb#FFFFFF\u00a0\u00bb text_font_size=\u00a0\u00bb2.4vw\u00a0\u00bb text_letter_spacing=\u00a0\u00bb0px\u00a0\u00bb header_4_text_color=\u00a0\u00bb#FFFFFF\u00a0\u00bb positioning=\u00a0\u00bbabsolute\u00a0\u00bb position_origin_a=\u00a0\u00bbbottom_left\u00a0\u00bb vertical_offset=\u00a0\u00bb0px\u00a0\u00bb horizontal_offset=\u00a0\u00bb3.3vw\u00a0\u00bb horizontal_offset_tablet=\u00a0\u00bb5vw\u00a0\u00bb horizontal_offset_phone=\u00a0\u00bb5vw\u00a0\u00bb horizontal_offset_last_edited=\u00a0\u00bbon|tablet\u00a0\u00bb width_tablet=\u00a0\u00bb\u00a0\u00bb width_phone=\u00a0\u00bbauto\u00a0\u00bb width_last_edited=\u00a0\u00bbon|phone\u00a0\u00bb custom_margin_tablet=\u00a0\u00bb\u00a0\u00bb custom_margin_phone=\u00a0\u00bb\u00a0\u00bb custom_margin_last_edited=\u00a0\u00bbon|tablet\u00a0\u00bb custom_padding=\u00a0\u00bb||1.6vw||false|false\u00a0\u00bb custom_padding_tablet=\u00a0\u00bb||2vw||false|false\u00a0\u00bb custom_padding_phone=\u00a0\u00bb||2vw||false|false\u00a0\u00bb custom_padding_last_edited=\u00a0\u00bbon|desktop\u00a0\u00bb text_font_size_tablet=\u00a0\u00bb5vw\u00a0\u00bb text_font_size_phone=\u00a0\u00bb5vw\u00a0\u00bb text_font_size_last_edited=\u00a0\u00bbon|tablet\u00a0\u00bb border_color_all=\u00a0\u00bb#FFFFFF\u00a0\u00bb border_width_bottom=\u00a0\u00bb1.6vw\u00a0\u00bb border_width_bottom_tablet=\u00a0\u00bb2.8vw\u00a0\u00bb border_width_bottom_phone=\u00a0\u00bb2.8vw\u00a0\u00bb border_width_bottom_last_edited=\u00a0\u00bbon|tablet\u00a0\u00bb global_colors_info=\u00a0\u00bb{}\u00a0\u00bb border_color_bottom__hover_enabled=\u00a0\u00bbon|desktop\u00a0\u00bb border_color_bottom__hover=\u00a0\u00bb#0B6FB5&Prime;]<\/p>\n<p>Rev\u00eatements<\/p>\n<p>[\/et_pb_text][et_pb_image src=\u00a0\u00bbhttps:\/\/swiss-pvd-coating.ch\/wp-content\/uploads\/2022\/01\/Teaser-Pfeil_A.svg\u00a0\u00bb align=\u00a0\u00bbright\u00a0\u00bb _builder_version=\u00a0\u00bb4.17.3&Prime; _module_preset=\u00a0\u00bbdefault\u00a0\u00bb positioning=\u00a0\u00bbabsolute\u00a0\u00bb position_origin_a=\u00a0\u00bbbottom_right\u00a0\u00bb vertical_offset=\u00a0\u00bb2.8vw\u00a0\u00bb horizontal_offset=\u00a0\u00bb2.2vw\u00a0\u00bb z_index=\u00a0\u00bb9&Prime; vertical_offset_tablet=\u00a0\u00bb3.8vw\u00a0\u00bb vertical_offset_phone=\u00a0\u00bb3.8vw\u00a0\u00bb vertical_offset_last_edited=\u00a0\u00bbon|tablet\u00a0\u00bb horizontal_offset_tablet=\u00a0\u00bb3.8vw\u00a0\u00bb horizontal_offset_phone=\u00a0\u00bb3.8vw\u00a0\u00bb horizontal_offset_last_edited=\u00a0\u00bbon|tablet\u00a0\u00bb width=\u00a0\u00bb3.6vw\u00a0\u00bb width_tablet=\u00a0\u00bb8vw\u00a0\u00bb width_phone=\u00a0\u00bb8vw\u00a0\u00bb width_last_edited=\u00a0\u00bbon|tablet\u00a0\u00bb global_colors_info=\u00a0\u00bb{}\u00a0\u00bb][\/et_pb_image][\/et_pb_column][et_pb_column type=\u00a0\u00bb1_2&Prime; module_class=\u00a0\u00bbteaser\u00a0\u00bb _builder_version=\u00a0\u00bb4.16&Prime; _module_preset=\u00a0\u00bbdefault\u00a0\u00bb link_option_url=\u00a0\u00bbhttps:\/\/swiss-pvd-coating.ch\/fr\/service\/\u00a0\u00bb global_colors_info=\u00a0\u00bb{}\u00a0\u00bb][et_pb_image src=\u00a0\u00bbhttps:\/\/swiss-pvd-coating.ch\/wp-content\/uploads\/2022\/02\/swiss_PVD_Coating_Teaser_Home_B.jpg\u00a0\u00bb module_class=\u00a0\u00bbet-zoom-in\u00a0\u00bb _builder_version=\u00a0\u00bb4.17.3&Prime; _module_preset=\u00a0\u00bbdefault\u00a0\u00bb global_colors_info=\u00a0\u00bb{}\u00a0\u00bb][\/et_pb_image][et_pb_text admin_label=\u00a0\u00bbTeaser-Text mit Rand B\u00a0\u00bb _builder_version=\u00a0\u00bb4.16&Prime; _module_preset=\u00a0\u00bbdefault\u00a0\u00bb text_font=\u00a0\u00bbBiennale Medium||||||||\u00a0\u00bb text_text_color=\u00a0\u00bb#FFFFFF\u00a0\u00bb text_font_size=\u00a0\u00bb2.4vw\u00a0\u00bb text_letter_spacing=\u00a0\u00bb0px\u00a0\u00bb header_4_text_color=\u00a0\u00bb#FFFFFF\u00a0\u00bb positioning=\u00a0\u00bbabsolute\u00a0\u00bb position_origin_a=\u00a0\u00bbbottom_left\u00a0\u00bb vertical_offset=\u00a0\u00bb0px\u00a0\u00bb horizontal_offset=\u00a0\u00bb3.3vw\u00a0\u00bb horizontal_offset_tablet=\u00a0\u00bb5vw\u00a0\u00bb horizontal_offset_phone=\u00a0\u00bb5vw\u00a0\u00bb horizontal_offset_last_edited=\u00a0\u00bbon|tablet\u00a0\u00bb width_tablet=\u00a0\u00bbauto\u00a0\u00bb width_phone=\u00a0\u00bbauto\u00a0\u00bb width_last_edited=\u00a0\u00bbon|desktop\u00a0\u00bb custom_padding=\u00a0\u00bb||1.6vw||false|false\u00a0\u00bb custom_padding_tablet=\u00a0\u00bb||2vw||false|false\u00a0\u00bb custom_padding_phone=\u00a0\u00bb||2vw||false|false\u00a0\u00bb custom_padding_last_edited=\u00a0\u00bbon|tablet\u00a0\u00bb text_font_size_tablet=\u00a0\u00bb5vw\u00a0\u00bb text_font_size_phone=\u00a0\u00bb5vw\u00a0\u00bb text_font_size_last_edited=\u00a0\u00bbon|tablet\u00a0\u00bb border_color_all=\u00a0\u00bb#FFFFFF\u00a0\u00bb border_width_bottom=\u00a0\u00bb1.6vw\u00a0\u00bb border_width_bottom_tablet=\u00a0\u00bb2.8vw\u00a0\u00bb border_width_bottom_phone=\u00a0\u00bb2.8vw\u00a0\u00bb border_width_bottom_last_edited=\u00a0\u00bbon|tablet\u00a0\u00bb global_colors_info=\u00a0\u00bb{}\u00a0\u00bb border_color_bottom__hover_enabled=\u00a0\u00bbon|desktop\u00a0\u00bb border_color_bottom__hover=\u00a0\u00bb#0B6FB5&Prime;]<\/p>\n<p>Services<\/p>\n<p>[\/et_pb_text][et_pb_image src=\u00a0\u00bbhttps:\/\/swiss-pvd-coating.ch\/wp-content\/uploads\/2022\/01\/Teaser-Pfeil_A.svg\u00a0\u00bb align=\u00a0\u00bbright\u00a0\u00bb _builder_version=\u00a0\u00bb4.17.3&Prime; _module_preset=\u00a0\u00bbdefault\u00a0\u00bb positioning=\u00a0\u00bbabsolute\u00a0\u00bb position_origin_a=\u00a0\u00bbbottom_right\u00a0\u00bb vertical_offset=\u00a0\u00bb2.8vw\u00a0\u00bb horizontal_offset=\u00a0\u00bb2.2vw\u00a0\u00bb z_index=\u00a0\u00bb9&Prime; vertical_offset_tablet=\u00a0\u00bb3.8vw\u00a0\u00bb vertical_offset_phone=\u00a0\u00bb3.8vw\u00a0\u00bb vertical_offset_last_edited=\u00a0\u00bbon|tablet\u00a0\u00bb horizontal_offset_tablet=\u00a0\u00bb3.8vw\u00a0\u00bb horizontal_offset_phone=\u00a0\u00bb3.8vw\u00a0\u00bb horizontal_offset_last_edited=\u00a0\u00bbon|tablet\u00a0\u00bb width=\u00a0\u00bb3.6vw\u00a0\u00bb width_tablet=\u00a0\u00bb8vw\u00a0\u00bb width_phone=\u00a0\u00bb8vw\u00a0\u00bb width_last_edited=\u00a0\u00bbon|tablet\u00a0\u00bb global_colors_info=\u00a0\u00bb{}\u00a0\u00bb][\/et_pb_image][\/et_pb_column][\/et_pb_row][\/et_pb_section][et_pb_section fb_built=\u00a0\u00bb1&Prime; _builder_version=\u00a0\u00bb4.16&Prime; _module_preset=\u00a0\u00bbfdba456b-3aab-4823-ac95-30ff89c7be22&Prime; global_colors_info=\u00a0\u00bb{}\u00a0\u00bb][et_pb_row _builder_version=\u00a0\u00bb4.16&Prime; _module_preset=\u00a0\u00bbbfccc00c-ac70-482f-9713-4846d3a5dda8&Prime; global_colors_info=\u00a0\u00bb{}\u00a0\u00bb][et_pb_column type=\u00a0\u00bb4_4&Prime; _builder_version=\u00a0\u00bb4.16&Prime; _module_preset=\u00a0\u00bbdefault\u00a0\u00bb global_colors_info=\u00a0\u00bb{}\u00a0\u00bb]<\/p>\n<p>[et_pb_nextend_smart_slider_3 slider=\u00a0\u00bb2&Prime; _builder_version=\u00a0\u00bb4.14.2&Prime; _module_preset=\u00a0\u00bbdefault\u00a0\u00bb global_colors_info=\u00a0\u00bb{}\u00a0\u00bb][\/et_pb_nextend_smart_slider_3]<\/p>\n<p>[\/et_pb_column][\/et_pb_row][\/et_pb_section][et_pb_section fb_built=\u00a0\u00bb1&Prime; _builder_version=\u00a0\u00bb4.16&Prime; _module_preset=\u00a0\u00bbfdba456b-3aab-4823-ac95-30ff89c7be22&Prime; global_colors_info=\u00a0\u00bb{}\u00a0\u00bb][et_pb_row column_structure=\u00a0\u00bb1_2,1_2&Prime; use_custom_gutter=\u00a0\u00bbon\u00a0\u00bb gutter_width=\u00a0\u00bb4&Prime; make_equal=\u00a0\u00bbon\u00a0\u00bb _builder_version=\u00a0\u00bb4.16&Prime; _module_preset=\u00a0\u00bbbfccc00c-ac70-482f-9713-4846d3a5dda8&Prime; global_colors_info=\u00a0\u00bb{}\u00a0\u00bb][et_pb_column type=\u00a0\u00bb1_2&Prime; _builder_version=\u00a0\u00bb4.16&Prime; _module_preset=\u00a0\u00bbdefault\u00a0\u00bb background_color=\u00a0\u00bb#eef3f6&Prime; link_option_url=\u00a0\u00bbhttps:\/\/swiss-pvd-coating.ch\/fr\/news\/\u00a0\u00bb global_colors_info=\u00a0\u00bb{}\u00a0\u00bb][et_pb_text _builder_version=\u00a0\u00bb4.22.2&Prime; _module_preset=\u00a0\u00bbdefault\u00a0\u00bb text_font=\u00a0\u00bbBiennale Medium||||||||\u00a0\u00bb text_text_color=\u00a0\u00bb#FFFFFF\u00a0\u00bb text_font_size=\u00a0\u00bb7.2vw\u00a0\u00bb text_letter_spacing=\u00a0\u00bb4px\u00a0\u00bb width=\u00a0\u00bb100%\u00a0\u00bb custom_margin=\u00a0\u00bb-1.5vw||0px||false|false\u00a0\u00bb custom_margin_tablet=\u00a0\u00bb0vw||||false|false\u00a0\u00bb custom_margin_phone=\u00a0\u00bb0vw||||false|false\u00a0\u00bb custom_margin_last_edited=\u00a0\u00bbon|desktop\u00a0\u00bb custom_padding=\u00a0\u00bb|||0.8vw|false|false\u00a0\u00bb hover_enabled=\u00a0\u00bb0&Prime; text_font_size_tablet=\u00a0\u00bb85px\u00a0\u00bb text_font_size_phone=\u00a0\u00bb55px\u00a0\u00bb text_font_size_last_edited=\u00a0\u00bbon|phone\u00a0\u00bb text_letter_spacing_tablet=\u00a0\u00bb4px\u00a0\u00bb text_letter_spacing_phone=\u00a0\u00bb4px\u00a0\u00bb text_letter_spacing_last_edited=\u00a0\u00bbon|tablet\u00a0\u00bb global_colors_info=\u00a0\u00bb{}\u00a0\u00bb sticky_enabled=\u00a0\u00bb0&Prime;]<!--more--><\/p>\n<p>News<\/p>\n<p>[\/et_pb_text][et_pb_text _builder_version=\u00a0\u00bb4.22.2&Prime; _module_preset=\u00a0\u00bbdefault\u00a0\u00bb text_text_color=\u00a0\u00bbrgba(18,48,73,0.67)\u00a0\u00bb custom_margin=\u00a0\u00bb-0.8vw||0.4vw||false|false\u00a0\u00bb custom_padding=\u00a0\u00bb|2vw||2.6vw|false|false\u00a0\u00bb hover_enabled=\u00a0\u00bb0&Prime; global_colors_info=\u00a0\u00bb{}\u00a0\u00bb sticky_enabled=\u00a0\u00bb0&Prime;]20.01.2026[\/et_pb_text][et_pb_text _builder_version=\u00a0\u00bb4.22.2&Prime; _module_preset=\u00a0\u00bb9171a5ab-4b16-49db-a0f8-6428bbd4c5d3&Prime; custom_margin=\u00a0\u00bb||1vw||false|false\u00a0\u00bb custom_padding=\u00a0\u00bb|2vw||2.6vw|false|false\u00a0\u00bb hover_enabled=\u00a0\u00bb0&Prime; global_colors_info=\u00a0\u00bb{}\u00a0\u00bb sticky_enabled=\u00a0\u00bb0&Prime;]<\/p>\n<h3>Swiss-Plas s.r.o. \u2013 membre du groupe Swiss\u2011PVD<\/h3>\n<p>[\/et_pb_text][et_pb_text _builder_version=\u00a0\u00bb4.22.2&Prime; _module_preset=\u00a0\u00bbdefault\u00a0\u00bb custom_margin=\u00a0\u00bb||7.2vw||false|false\u00a0\u00bb custom_margin_tablet=\u00a0\u00bb||102px||false|false\u00a0\u00bb custom_margin_phone=\u00a0\u00bb||76px||false|false\u00a0\u00bb custom_margin_last_edited=\u00a0\u00bbon|phone\u00a0\u00bb custom_padding=\u00a0\u00bb|2vw||2.6vw|false|false\u00a0\u00bb hover_enabled=\u00a0\u00bb0&Prime; global_colors_info=\u00a0\u00bb{}\u00a0\u00bb sticky_enabled=\u00a0\u00bb0&Prime;]<\/p>\n<p>Vous recherchez un partenaire de rev\u00eatement dans l\u2019UE ? Notre service en Tch\u00e9quie est \u00e0 votre disposition<\/p>\n<p>[\/et_pb_text][et_pb_button button_url=\u00a0\u00bbhttps:\/\/swiss-pvd-coating.ch\/fr\/news\/\u00a0\u00bb button_text=\u00a0\u00bbEn savoir plus\u00a0\u00bb _builder_version=\u00a0\u00bb4.16&Prime; _module_preset=\u00a0\u00bbdefault\u00a0\u00bb custom_button=\u00a0\u00bbon\u00a0\u00bb button_text_size=\u00a0\u00bb19px\u00a0\u00bb button_text_color=\u00a0\u00bbrgba(18,48,73,0.76)\u00a0\u00bb button_border_color=\u00a0\u00bbrgba(18,48,73,0.46)\u00a0\u00bb button_border_radius=\u00a0\u00bb100px\u00a0\u00bb button_use_icon=\u00a0\u00bboff\u00a0\u00bb positioning=\u00a0\u00bbabsolute\u00a0\u00bb position_origin_a=\u00a0\u00bbbottom_left\u00a0\u00bb custom_margin=\u00a0\u00bb||2vw|2.6vw|false|false\u00a0\u00bb custom_margin_tablet=\u00a0\u00bb||32px||false|false\u00a0\u00bb custom_margin_phone=\u00a0\u00bb||20px||false|false\u00a0\u00bb custom_margin_last_edited=\u00a0\u00bbon|desktop\u00a0\u00bb custom_padding=\u00a0\u00bb||||false|false\u00a0\u00bb button_text_size_tablet=\u00a0\u00bb18px\u00a0\u00bb button_text_size_phone=\u00a0\u00bb16px\u00a0\u00bb button_text_size_last_edited=\u00a0\u00bbon|desktop\u00a0\u00bb global_colors_info=\u00a0\u00bb{}\u00a0\u00bb][\/et_pb_button][\/et_pb_column][et_pb_column type=\u00a0\u00bb1_2&Prime; _builder_version=\u00a0\u00bb4.16&Prime; _module_preset=\u00a0\u00bbdefault\u00a0\u00bb background_color=\u00a0\u00bb#eef3f6&Prime; link_option_url=\u00a0\u00bbhttps:\/\/swiss-pvd-coating.ch\/fr\/news\/\u00a0\u00bb global_colors_info=\u00a0\u00bb{}\u00a0\u00bb][et_pb_text _builder_version=\u00a0\u00bb4.22.2&Prime; _module_preset=\u00a0\u00bbdefault\u00a0\u00bb text_font=\u00a0\u00bbBiennale Medium||||||||\u00a0\u00bb text_text_color=\u00a0\u00bb#FFFFFF\u00a0\u00bb text_font_size=\u00a0\u00bb7.2vw\u00a0\u00bb text_letter_spacing=\u00a0\u00bb4px\u00a0\u00bb width=\u00a0\u00bb100%\u00a0\u00bb custom_margin=\u00a0\u00bb-1.5vw||0px||false|false\u00a0\u00bb custom_margin_tablet=\u00a0\u00bb0vw||||false|false\u00a0\u00bb custom_margin_phone=\u00a0\u00bb0vw||||false|false\u00a0\u00bb custom_margin_last_edited=\u00a0\u00bbon|desktop\u00a0\u00bb custom_padding=\u00a0\u00bb|||0.8vw|false|false\u00a0\u00bb hover_enabled=\u00a0\u00bb0&Prime; text_font_size_tablet=\u00a0\u00bb85px\u00a0\u00bb text_font_size_phone=\u00a0\u00bb55px\u00a0\u00bb text_font_size_last_edited=\u00a0\u00bbon|phone\u00a0\u00bb text_letter_spacing_tablet=\u00a0\u00bb4px\u00a0\u00bb text_letter_spacing_phone=\u00a0\u00bb4px\u00a0\u00bb text_letter_spacing_last_edited=\u00a0\u00bbon|tablet\u00a0\u00bb global_colors_info=\u00a0\u00bb{}\u00a0\u00bb sticky_enabled=\u00a0\u00bb0&Prime;]<!--more--><\/p>\n<p>News<\/p>\n<p>[\/et_pb_text][et_pb_text _builder_version=\u00a0\u00bb4.22.2&Prime; _module_preset=\u00a0\u00bbdefault\u00a0\u00bb text_text_color=\u00a0\u00bbrgba(18,48,73,0.67)\u00a0\u00bb custom_margin=\u00a0\u00bb-0.8vw||0.4vw||false|false\u00a0\u00bb custom_padding=\u00a0\u00bb|2vw||2.6vw|false|false\u00a0\u00bb hover_enabled=\u00a0\u00bb0&Prime; global_colors_info=\u00a0\u00bb{}\u00a0\u00bb sticky_enabled=\u00a0\u00bb0&Prime;]05.02.2025[\/et_pb_text][et_pb_text _builder_version=\u00a0\u00bb4.22.2&Prime; _module_preset=\u00a0\u00bb9171a5ab-4b16-49db-a0f8-6428bbd4c5d3&Prime; custom_margin=\u00a0\u00bb||1vw||false|false\u00a0\u00bb custom_padding=\u00a0\u00bb|2vw||2.6vw|false|false\u00a0\u00bb hover_enabled=\u00a0\u00bb0&Prime; global_colors_info=\u00a0\u00bb{}\u00a0\u00bb sticky_enabled=\u00a0\u00bb0&Prime;]<\/p>\n<h3>Venez nous rendre visite au salon INNOTEQ 2025 \u00e0 Berne<\/h3>\n<p>[\/et_pb_text][et_pb_text _builder_version=\u00a0\u00bb4.22.2&Prime; _module_preset=\u00a0\u00bbdefault\u00a0\u00bb custom_margin=\u00a0\u00bb||7.2vw||false|false\u00a0\u00bb custom_margin_tablet=\u00a0\u00bb||102px||false|false\u00a0\u00bb custom_margin_phone=\u00a0\u00bb||76px||false|false\u00a0\u00bb custom_margin_last_edited=\u00a0\u00bbon|phone\u00a0\u00bb custom_padding=\u00a0\u00bb|2vw||2.6vw|false|false\u00a0\u00bb hover_enabled=\u00a0\u00bb0&Prime; global_colors_info=\u00a0\u00bb{}\u00a0\u00bb sticky_enabled=\u00a0\u00bb0&Prime;]<\/p>\n<p>Nous avons le plaisir de vous inviter \u00e0 INNOTEQ 2025, le salon de l\u2019industrie manufacturi\u00e8re suisse<\/p>\n<p>[\/et_pb_text][et_pb_button button_url=\u00a0\u00bbhttps:\/\/swiss-pvd-coating.ch\/fr\/news\/\u00a0\u00bb button_text=\u00a0\u00bbEn savoir plus\u00a0\u00bb _builder_version=\u00a0\u00bb4.22.2&Prime; _module_preset=\u00a0\u00bbdefault\u00a0\u00bb custom_button=\u00a0\u00bbon\u00a0\u00bb button_text_size=\u00a0\u00bb19px\u00a0\u00bb button_text_color=\u00a0\u00bbrgba(18,48,73,0.76)\u00a0\u00bb button_border_color=\u00a0\u00bbrgba(18,48,73,0.46)\u00a0\u00bb button_border_radius=\u00a0\u00bb100px\u00a0\u00bb button_use_icon=\u00a0\u00bboff\u00a0\u00bb positioning=\u00a0\u00bbabsolute\u00a0\u00bb position_origin_a=\u00a0\u00bbbottom_left\u00a0\u00bb custom_margin=\u00a0\u00bb||2vw|2.6vw|false|false\u00a0\u00bb custom_margin_tablet=\u00a0\u00bb||32px||false|false\u00a0\u00bb custom_margin_phone=\u00a0\u00bb||20px||false|false\u00a0\u00bb custom_margin_last_edited=\u00a0\u00bbon|desktop\u00a0\u00bb custom_padding=\u00a0\u00bb||||false|false\u00a0\u00bb hover_enabled=\u00a0\u00bb0&Prime; button_text_size_tablet=\u00a0\u00bb18px\u00a0\u00bb button_text_size_phone=\u00a0\u00bb16px\u00a0\u00bb button_text_size_last_edited=\u00a0\u00bbon|desktop\u00a0\u00bb global_colors_info=\u00a0\u00bb{}\u00a0\u00bb sticky_enabled=\u00a0\u00bb0&Prime;][\/et_pb_button][\/et_pb_column][\/et_pb_row][\/et_pb_section][et_pb_section fb_built=\u00a0\u00bb1&Prime; _builder_version=\u00a0\u00bb4.16&Prime; _module_preset=\u00a0\u00bbfdba456b-3aab-4823-ac95-30ff89c7be22&Prime; global_colors_info=\u00a0\u00bb{}\u00a0\u00bb][\/et_pb_section]<\/p>\n","protected":false},"excerpt":{"rendered":"<p>PVD Coatingswiss-PVD Coating AGSolution PVD High-techSwiss-PVD Coating AG est une entreprise familiale bas\u00e9e en Suisse avec +30 ans d\u2019exp\u00e9rience dans le domaine du PVD. Nous nous sommes sp\u00e9cialis\u00e9s dans la protection contre l\u2019usure des outils fonctionnels, d\u00e9coratifs et le secteur m\u00e9dical.Avec notre technologie, nous am\u00e9liorons la durabilit\u00e9 ainsi que la fiabilit\u00e9 des outils et composants [&hellip;]<\/p>\n","protected":false},"author":1,"featured_media":0,"parent":0,"menu_order":0,"comment_status":"closed","ping_status":"closed","template":"","meta":{"_et_pb_use_builder":"on","_et_pb_old_content":"","_et_gb_content_width":"","footnotes":""},"aioseo_notices":[],"_links":{"self":[{"href":"https:\/\/swiss-pvd-coating.ch\/fr\/wp-json\/wp\/v2\/pages\/2488"}],"collection":[{"href":"https:\/\/swiss-pvd-coating.ch\/fr\/wp-json\/wp\/v2\/pages"}],"about":[{"href":"https:\/\/swiss-pvd-coating.ch\/fr\/wp-json\/wp\/v2\/types\/page"}],"author":[{"embeddable":true,"href":"https:\/\/swiss-pvd-coating.ch\/fr\/wp-json\/wp\/v2\/users\/1"}],"replies":[{"embeddable":true,"href":"https:\/\/swiss-pvd-coating.ch\/fr\/wp-json\/wp\/v2\/comments?post=2488"}],"version-history":[{"count":27,"href":"https:\/\/swiss-pvd-coating.ch\/fr\/wp-json\/wp\/v2\/pages\/2488\/revisions"}],"predecessor-version":[{"id":5999,"href":"https:\/\/swiss-pvd-coating.ch\/fr\/wp-json\/wp\/v2\/pages\/2488\/revisions\/5999"}],"wp:attachment":[{"href":"https:\/\/swiss-pvd-coating.ch\/fr\/wp-json\/wp\/v2\/media?parent=2488"}],"curies":[{"name":"wp","href":"https:\/\/api.w.org\/{rel}","templated":true}]}}