{"id":3868,"date":"2023-12-09T14:48:55","date_gmt":"2023-12-09T13:48:55","guid":{"rendered":"https:\/\/swiss-pvd-coating.ch\/en-masse\/"},"modified":"2026-02-03T11:41:46","modified_gmt":"2026-02-03T10:41:46","slug":"en-masse","status":"publish","type":"page","link":"https:\/\/swiss-pvd-coating.ch\/fr\/en-masse\/","title":{"rendered":"En vrac"},"content":{"rendered":"<p>[et_pb_section fb_built=\u00a0\u00bb1&Prime; _builder_version=\u00a0\u00bb4.16&Prime; _module_preset=\u00a0\u00bbfdba456b-3aab-4823-ac95-30ff89c7be22&Prime; global_colors_info=\u00a0\u00bb{}\u00a0\u00bb][et_pb_row _builder_version=\u00a0\u00bb4.16&Prime; _module_preset=\u00a0\u00bbbfccc00c-ac70-482f-9713-4846d3a5dda8&Prime; global_colors_info=\u00a0\u00bb{}\u00a0\u00bb][et_pb_column type=\u00a0\u00bb4_4&Prime; _builder_version=\u00a0\u00bb4.16&Prime; _module_preset=\u00a0\u00bbdefault\u00a0\u00bb global_colors_info=\u00a0\u00bb{}\u00a0\u00bb][et_pb_text _builder_version=\u00a0\u00bb4.22.2&Prime; _module_preset=\u00a0\u00bb9171a5ab-4b16-49db-a0f8-6428bbd4c5d3&Prime; custom_margin=\u00a0\u00bb||-5px||false|false\u00a0\u00bb custom_margin_tablet=\u00a0\u00bb||-8px||false|false\u00a0\u00bb custom_margin_phone=\u00a0\u00bb||-8px||false|false\u00a0\u00bb custom_margin_last_edited=\u00a0\u00bbon|desktop\u00a0\u00bb inline_fonts=\u00a0\u00bbBiennale Regular,Biennale Light\u00a0\u00bb global_colors_info=\u00a0\u00bb{}\u00a0\u00bb]<\/p>\n<h2>Rev\u00eatement PVD en vrac<\/h2>\n<p>[\/et_pb_text][\/et_pb_column][\/et_pb_row][et_pb_row column_structure=\u00a0\u00bb1_2,1_2&Prime; _builder_version=\u00a0\u00bb4.16&Prime; _module_preset=\u00a0\u00bbbfccc00c-ac70-482f-9713-4846d3a5dda8&Prime; global_colors_info=\u00a0\u00bb{}\u00a0\u00bb][et_pb_column type=\u00a0\u00bb1_2&Prime; _builder_version=\u00a0\u00bb4.16&Prime; _module_preset=\u00a0\u00bbdefault\u00a0\u00bb global_colors_info=\u00a0\u00bb{}\u00a0\u00bb][et_pb_text _builder_version=\u00a0\u00bb4.22.2&Prime; _module_preset=\u00a0\u00bbdefault\u00a0\u00bb global_colors_info=\u00a0\u00bb{}\u00a0\u00bb]<\/p>\n<p>Nous avons d\u00e9velopp\u00e9 un proc\u00e9d\u00e9 de rev\u00eatement PVD unique pour les microcomposants. Il nous permet de rev\u00eatir des microcomposants, tels que des vis pour l&rsquo;industrie horlog\u00e8re, en grandes quantit\u00e9s et avec une tra\u00e7abilit\u00e9 compl\u00e8te. Ce proc\u00e9d\u00e9 nous permet d&rsquo;augmenter la duret\u00e9 tout en r\u00e9duisant le couple.<\/p>\n<p>[\/et_pb_text][\/et_pb_column][et_pb_column type=\u00a0\u00bb1_2&Prime; _builder_version=\u00a0\u00bb4.16&Prime; _module_preset=\u00a0\u00bbdefault\u00a0\u00bb global_colors_info=\u00a0\u00bb{}\u00a0\u00bb][et_pb_text _builder_version=\u00a0\u00bb4.22.2&Prime; _module_preset=\u00a0\u00bbdefault\u00a0\u00bb global_colors_info=\u00a0\u00bb{}\u00a0\u00bb]<\/p>\n<p>Ce proc\u00e9d\u00e9 permet de rev\u00eatir simultan\u00e9ment des dizaines de milliers de microcomposants avec une grande homog\u00e9n\u00e9it\u00e9 de couleur et d&rsquo;\u00e9paisseur de couche. Notre technologie de pointe permet de rev\u00eatir de mani\u00e8re fiable et rentable de petites pi\u00e8ces d&rsquo;un diam\u00e8tre allant d\u00e8s 0,2 mm.<\/p>\n<p>[\/et_pb_text][\/et_pb_column][\/et_pb_row][et_pb_row _builder_version=\u00a0\u00bb4.16&Prime; _module_preset=\u00a0\u00bbbfccc00c-ac70-482f-9713-4846d3a5dda8&Prime; global_colors_info=\u00a0\u00bb{}\u00a0\u00bb][et_pb_column type=\u00a0\u00bb4_4&Prime; _builder_version=\u00a0\u00bb4.16&Prime; _module_preset=\u00a0\u00bbdefault\u00a0\u00bb global_colors_info=\u00a0\u00bb{}\u00a0\u00bb]<\/p>\n<p>[et_pb_video src=\u00a0\u00bbhttps:\/\/vimeo.com\/844207566&Prime; _builder_version=\u00a0\u00bb4.22.2&Prime; _module_preset=\u00a0\u00bbdefault\u00a0\u00bb global_colors_info=\u00a0\u00bb{}\u00a0\u00bb][\/et_pb_video]<\/p>\n<p>[\/et_pb_column][\/et_pb_row][et_pb_row column_structure=\u00a0\u00bb1_2,1_2&Prime; use_custom_gutter=\u00a0\u00bbon\u00a0\u00bb gutter_width=\u00a0\u00bb3&Prime; _builder_version=\u00a0\u00bb4.17.3&Prime; _module_preset=\u00a0\u00bbbfccc00c-ac70-482f-9713-4846d3a5dda8&Prime; custom_padding=\u00a0\u00bb30px|||||\u00a0\u00bb global_colors_info=\u00a0\u00bb{}\u00a0\u00bb][et_pb_column type=\u00a0\u00bb1_2&Prime; _builder_version=\u00a0\u00bb4.16&Prime; _module_preset=\u00a0\u00bbdefault\u00a0\u00bb global_colors_info=\u00a0\u00bb{}\u00a0\u00bb][et_pb_text _builder_version=\u00a0\u00bb4.22.2&Prime; _module_preset=\u00a0\u00bb9171a5ab-4b16-49db-a0f8-6428bbd4c5d3&Prime; global_colors_info=\u00a0\u00bb{}\u00a0\u00bb]<\/p>\n<h3>Rev\u00eatement PVD en vrac noir<\/h3>\n<p>[\/et_pb_text][et_pb_image src=\u00a0\u00bbhttps:\/\/swiss-pvd-coating.ch\/wp-content\/uploads\/2024\/11\/MG_3952-JPG-web-scaled.jpeg\u00a0\u00bb _builder_version=\u00a0\u00bb4.22.2&Prime; _module_preset=\u00a0\u00bbdefault\u00a0\u00bb custom_margin=\u00a0\u00bb||20px||false|false\u00a0\u00bb custom_margin_tablet=\u00a0\u00bb||15px||false|false\u00a0\u00bb custom_margin_phone=\u00a0\u00bb||13px||false|false\u00a0\u00bb custom_margin_last_edited=\u00a0\u00bbon|desktop\u00a0\u00bb global_colors_info=\u00a0\u00bb{}\u00a0\u00bb][\/et_pb_image][et_pb_text _builder_version=\u00a0\u00bb4.22.2&Prime; _module_preset=\u00a0\u00bb9171a5ab-4b16-49db-a0f8-6428bbd4c5d3&Prime; global_colors_info=\u00a0\u00bb{}\u00a0\u00bb]<\/p>\n<p>Un rev\u00eatement noir en vrac esth\u00e9tique et \u00e9l\u00e9gant qui r\u00e9pond aux normes exigeantes de l&rsquo;industrie horlog\u00e8re suisse.<br \/>Gr\u00e2ce \u00e0 sa duret\u00e9 et \u00e0 sa r\u00e9sistance exceptionnelles, notre rev\u00eatement PVD noir en vrac devient une solution \u00e9conomique pour les microcomposants tels que les vis.<\/p>\n<p>[\/et_pb_text][et_pb_text _builder_version=\u00a0\u00bb4.22.2&Prime; _module_preset=\u00a0\u00bb9171a5ab-4b16-49db-a0f8-6428bbd4c5d3&Prime; global_colors_info=\u00a0\u00bb{}\u00a0\u00bb]<\/p>\n<table>\n<tbody>\n<tr>\n<td><strong>Rev\u00eatement:<\/strong><\/td>\n<td>\u00e0 base de Ti<\/td>\n<\/tr>\n<tr>\n<td><strong>Couleur:<\/strong><\/td>\n<td>noir<\/td>\n<\/tr>\n<tr>\n<td><strong>Epaisseur de couche [\u00b5m]:<\/strong><\/td>\n<td>0.2<\/td>\n<\/tr>\n<tr>\n<td><strong>Temp\u00e9rature de rev\u00eatement [\u00b0C]:<\/strong><\/td>\n<td>180-500<\/td>\n<\/tr>\n<\/tbody>\n<\/table>\n<p>[\/et_pb_text][\/et_pb_column][et_pb_column type=\u00a0\u00bb1_2&Prime; _builder_version=\u00a0\u00bb4.16&Prime; _module_preset=\u00a0\u00bbdefault\u00a0\u00bb global_colors_info=\u00a0\u00bb{}\u00a0\u00bb][et_pb_text _builder_version=\u00a0\u00bb4.22.2&Prime; _module_preset=\u00a0\u00bb9171a5ab-4b16-49db-a0f8-6428bbd4c5d3&Prime; global_colors_info=\u00a0\u00bb{}\u00a0\u00bb]<\/p>\n<h3>Rev\u00eatement PVD en vrac jaune dor\u00e9\u00a0<\/h3>\n<p>[\/et_pb_text][et_pb_image src=\u00a0\u00bbhttps:\/\/swiss-pvd-coating.ch\/wp-content\/uploads\/2024\/11\/MG_3941-web2.jpg\u00a0\u00bb _builder_version=\u00a0\u00bb4.22.2&Prime; _module_preset=\u00a0\u00bbdefault\u00a0\u00bb custom_margin=\u00a0\u00bb||20px||false|false\u00a0\u00bb custom_margin_tablet=\u00a0\u00bb||15px||false|false\u00a0\u00bb custom_margin_phone=\u00a0\u00bb||13px||false|false\u00a0\u00bb custom_margin_last_edited=\u00a0\u00bbon|desktop\u00a0\u00bb global_colors_info=\u00a0\u00bb{}\u00a0\u00bb][\/et_pb_image][et_pb_text _builder_version=\u00a0\u00bb4.22.2&Prime; _module_preset=\u00a0\u00bb9171a5ab-4b16-49db-a0f8-6428bbd4c5d3&Prime; global_colors_info=\u00a0\u00bb{}\u00a0\u00bb]<\/p>\n<p>Avec notre proc\u00e9d\u00e9 PVD en vrac , nous vous offrons la solution pour rev\u00eatir des microcomposants de mani\u00e8re \u00e9conomique.<\/p>\n<p>Au-del\u00e0 de l&rsquo;esth\u00e9tique, nous am\u00e9liorons en outre la r\u00e9sistance, la fiabilit\u00e9 et la durabilit\u00e9 de vos composants.<\/p>\n<p>[\/et_pb_text][et_pb_text _builder_version=\u00a0\u00bb4.22.2&Prime; _module_preset=\u00a0\u00bb9171a5ab-4b16-49db-a0f8-6428bbd4c5d3&Prime; global_colors_info=\u00a0\u00bb{}\u00a0\u00bb]<\/p>\n<table>\n<tbody>\n<tr>\n<td><strong>Rev\u00eatement:<\/strong><\/td>\n<td>\u00e0 base de Ti<\/td>\n<\/tr>\n<tr>\n<td><strong>Couleur:<\/strong><\/td>\n<td>jaune dor\u00e9<\/td>\n<\/tr>\n<tr>\n<td><strong>Epaisseur de couche [\u00b5m]:<\/strong><\/td>\n<td>0.2-0.4<\/td>\n<\/tr>\n<tr>\n<td><strong>Temp\u00e9rature de rev\u00eatement [\u00b0C]:<\/strong><\/td>\n<td>400-500<\/td>\n<\/tr>\n<\/tbody>\n<\/table>\n<p>[\/et_pb_text][\/et_pb_column][\/et_pb_row][et_pb_row column_structure=\u00a0\u00bb1_2,1_2&Prime; use_custom_gutter=\u00a0\u00bbon\u00a0\u00bb gutter_width=\u00a0\u00bb3&Prime; _builder_version=\u00a0\u00bb4.17.3&Prime; _module_preset=\u00a0\u00bbbfccc00c-ac70-482f-9713-4846d3a5dda8&Prime; global_colors_info=\u00a0\u00bb{}\u00a0\u00bb][et_pb_column type=\u00a0\u00bb1_2&Prime; _builder_version=\u00a0\u00bb4.16&Prime; _module_preset=\u00a0\u00bbdefault\u00a0\u00bb global_colors_info=\u00a0\u00bb{}\u00a0\u00bb][et_pb_text _builder_version=\u00a0\u00bb4.22.2&Prime; _module_preset=\u00a0\u00bb9171a5ab-4b16-49db-a0f8-6428bbd4c5d3&Prime; global_colors_info=\u00a0\u00bb{}\u00a0\u00bb]<\/p>\n<h3>Rev\u00eatement PVD en vrac gris<\/h3>\n<p>[\/et_pb_text][et_pb_image src=\u00a0\u00bbhttps:\/\/swiss-pvd-coating.ch\/wp-content\/uploads\/2023\/10\/swiss_PVD_Coating_Schuettgut_3.jpg\u00a0\u00bb _builder_version=\u00a0\u00bb4.22.2&Prime; _module_preset=\u00a0\u00bbdefault\u00a0\u00bb custom_margin=\u00a0\u00bb||20px||false|false\u00a0\u00bb custom_margin_tablet=\u00a0\u00bb||15px||false|false\u00a0\u00bb custom_margin_phone=\u00a0\u00bb||13px||false|false\u00a0\u00bb custom_margin_last_edited=\u00a0\u00bbon|desktop\u00a0\u00bb hover_enabled=\u00a0\u00bb0&Prime; global_colors_info=\u00a0\u00bb{}\u00a0\u00bb sticky_enabled=\u00a0\u00bb0&Prime;][\/et_pb_image][et_pb_text _builder_version=\u00a0\u00bb4.22.2&Prime; _module_preset=\u00a0\u00bb9171a5ab-4b16-49db-a0f8-6428bbd4c5d3&Prime; hover_enabled=\u00a0\u00bb0&Prime; global_colors_info=\u00a0\u00bb{}\u00a0\u00bb sticky_enabled=\u00a0\u00bb0&Prime;]<\/p>\n<p>Un rev\u00eatement \u00e0 base de chrome d\u2019aspect gris argent\u00e9 clair. Ce rev\u00eatement a un effet anticorrosif.<br \/>\nGr\u00e2ce \u00e0 son faible coefficient de frottement et \u00e0 sa duret\u00e9 \u00e9lev\u00e9e, ce rev\u00eatement peut prolonger consid\u00e9rablement la dur\u00e9e de vie de vos microcomposants.<\/p>\n<p>[\/et_pb_text][et_pb_text _builder_version=\u00a0\u00bb4.22.2&Prime; _module_preset=\u00a0\u00bb9171a5ab-4b16-49db-a0f8-6428bbd4c5d3&Prime; global_colors_info=\u00a0\u00bb{}\u00a0\u00bb]<\/p>\n<table>\n<tbody>\n<tr>\n<td><strong>Rev\u00eatement:<\/strong><\/td>\n<td>\u00e0 base de Cr<\/td>\n<\/tr>\n<tr>\n<td><strong>Couleur:<\/strong><\/td>\n<td>Gris argent\u00e9<\/td>\n<\/tr>\n<tr>\n<td><strong>Epaisseur de couche[\u00b5m]:<\/strong><\/td>\n<td>0.2<\/td>\n<\/tr>\n<tr>\n<td><strong>Temp\u00e9rature de rev\u00eatement [\u00b0C]:<\/strong><\/td>\n<td>180-500<\/td>\n<\/tr>\n<tr>\n<td><strong>R\u00e9sistance \u00e0 la corrosion:<\/strong><\/td>\n<td>Tr\u00e8s bonne<\/td>\n<\/tr>\n<\/tbody>\n<\/table>\n<p>[\/et_pb_text][\/et_pb_column][et_pb_column type=\u00a0\u00bb1_2&Prime; _builder_version=\u00a0\u00bb4.16&Prime; _module_preset=\u00a0\u00bbdefault\u00a0\u00bb global_colors_info=\u00a0\u00bb{}\u00a0\u00bb][\/et_pb_column][\/et_pb_row][\/et_pb_section][et_pb_section fb_built=\u00a0\u00bb1&Prime; _builder_version=\u00a0\u00bb4.16&Prime; _module_preset=\u00a0\u00bbfdba456b-3aab-4823-ac95-30ff89c7be22&Prime; global_colors_info=\u00a0\u00bb{}\u00a0\u00bb][\/et_pb_section]<\/p>\n","protected":false},"excerpt":{"rendered":"<p>Rev\u00eatement PVD en vracNous avons d\u00e9velopp\u00e9 un proc\u00e9d\u00e9 de rev\u00eatement PVD unique pour les microcomposants. Il nous permet de rev\u00eatir des microcomposants, tels que des vis pour l&rsquo;industrie horlog\u00e8re, en grandes quantit\u00e9s et avec une tra\u00e7abilit\u00e9 compl\u00e8te. Ce proc\u00e9d\u00e9 nous permet d&rsquo;augmenter la duret\u00e9 tout en r\u00e9duisant le couple.Ce proc\u00e9d\u00e9 permet de rev\u00eatir simultan\u00e9ment des [&hellip;]<\/p>\n","protected":false},"author":1,"featured_media":0,"parent":0,"menu_order":0,"comment_status":"closed","ping_status":"closed","template":"","meta":{"_et_pb_use_builder":"on","_et_pb_old_content":"","_et_gb_content_width":"","footnotes":""},"aioseo_notices":[],"_links":{"self":[{"href":"https:\/\/swiss-pvd-coating.ch\/fr\/wp-json\/wp\/v2\/pages\/3868"}],"collection":[{"href":"https:\/\/swiss-pvd-coating.ch\/fr\/wp-json\/wp\/v2\/pages"}],"about":[{"href":"https:\/\/swiss-pvd-coating.ch\/fr\/wp-json\/wp\/v2\/types\/page"}],"author":[{"embeddable":true,"href":"https:\/\/swiss-pvd-coating.ch\/fr\/wp-json\/wp\/v2\/users\/1"}],"replies":[{"embeddable":true,"href":"https:\/\/swiss-pvd-coating.ch\/fr\/wp-json\/wp\/v2\/comments?post=3868"}],"version-history":[{"count":26,"href":"https:\/\/swiss-pvd-coating.ch\/fr\/wp-json\/wp\/v2\/pages\/3868\/revisions"}],"predecessor-version":[{"id":6046,"href":"https:\/\/swiss-pvd-coating.ch\/fr\/wp-json\/wp\/v2\/pages\/3868\/revisions\/6046"}],"wp:attachment":[{"href":"https:\/\/swiss-pvd-coating.ch\/fr\/wp-json\/wp\/v2\/media?parent=3868"}],"curies":[{"name":"wp","href":"https:\/\/api.w.org\/{rel}","templated":true}]}}